{"id":79,"date":"2014-09-29T16:27:08","date_gmt":"2014-09-29T14:27:08","guid":{"rendered":"http:\/\/luebbert-architekten.de\/?page_id=79"},"modified":"2014-09-29T16:27:08","modified_gmt":"2014-09-29T14:27:08","slug":"handwerkskammer-schwaben","status":"publish","type":"page","link":"https:\/\/luebbert-architekten.de\/?page_id=79","title":{"rendered":"HANDWERKSKAMMER SCHWABEN"},"content":{"rendered":"<div id=\"content_div\">\n<table id=\"content_table\" border=\"0\" cellpadding=\"0\" cellspacing=\"0\">\n<tbody>\n<tr>\n<td id=\"content_td_txt\" valign=\"top\">\n<h2>Handwerkskammer Schwaben<\/h2>\n<p><small>Akademiegeb\u00e4ude \/ Augsburg 2000<\/small><\/p>\n<div id=\"main_txt_div\">Wettbewerbsbeitrag f\u00fcr ein Akademiegeb\u00e4ude, die Verwaltung mit Mensa und verschiedenen Werkst\u00e4tten<\/div>\n<div id=\"credits\">\n<table cellspacing=\"0\" cellpadding=\"0\" border=\"0\">\n<tbody>\n<tr>\n<td valign=\"top\">Mitarbeit \/&nbsp;<\/td>\n<td>Dipl.-Ing. Klaus L\u00fcbbert <br \/> Architekt J\u00f6rg Quibeldey<\/td>\n<\/tr>\n<\/tbody>\n<\/table>\n<p>Visualisierung \/ Architekt J\u00f6rg Quibeldey<\/div>\n<\/td>\n<td id=\"content_td_img\" rowspan=\"2\"><img loading=\"lazy\" decoding=\"async\" id=\"big\" height=\"395\" width=\"667\" name=\"big\" alt=\"wendhausen_01\" src=\"images\/content_img\/augsburg_01.jpg\" \/><\/td>\n<\/tr>\n<tr>\n<td style=\"border-width: 0px; margin: 0px; padding: 0px; text-align: right; vertical-align: bottom;\" valign=\"bottom\" align=\"right\"><img loading=\"lazy\" decoding=\"async\" onmouseover=\"MM_swapImage('big','','images\/content_img\/augsburg_01.jpg',0)\" style=\"margin-top: 0px; margin-right: 10px; margin-bottom: 0px; margin-left: 0px;\" id=\"third\" height=\"30\" width=\"30\" name=\"third\" alt=\"augsburg_01\" src=\"images\/content_img\/augsburg_01.jpg\" \/><img loading=\"lazy\" decoding=\"async\" onmouseover=\"MM_swapImage('big','','images\/content_img\/augsburg_02.jpg',0)\" style=\"margin-top: 0px; margin-right: 10px; margin-bottom: 0px; margin-left: 0px;\" id=\"fourth\" height=\"30\" width=\"30\" name=\"fourth\" alt=\"augsburg_02\" src=\"images\/content_img\/augsburg_02.jpg\" \/><img loading=\"lazy\" decoding=\"async\" onmouseover=\"MM_swapImage('big','','images\/content_img\/augsburg_03.jpg',0)\" style=\"margin-top: 0px; margin-right: 7px; margin-bottom: 0px; margin-left: 0px;\" id=\"fourth\" height=\"30\" width=\"30\" name=\"fourth\" alt=\"augsburg_03\" src=\"images\/content_img\/augsburg_03.jpg\" \/><img loading=\"lazy\" decoding=\"async\" onmouseover=\"MM_swapImage('big','','images\/content_img\/augsburg_04.jpg',0)\" style=\"margin-top: 0px; margin-right: 9px; margin-bottom: 0px; margin-left: 0px;\" id=\"fourth\" height=\"30\" width=\"30\" name=\"fourth\" alt=\"augsburg_04\" src=\"images\/content_img\/augsburg_04.jpg\" \/><\/td>\n<\/tr>\n<\/tbody>\n<\/table>\n<\/div>\n","protected":false},"excerpt":{"rendered":"<p>Handwerkskammer Schwaben Akademiegeb\u00e4ude \/ Augsburg 2000 Wettbewerbsbeitrag f\u00fcr ein Akademiegeb\u00e4ude, die Verwaltung mit Mensa und verschiedenen Werkst\u00e4tten Mitarbeit \/&nbsp; Dipl.-Ing. Klaus L\u00fcbbert Architekt J\u00f6rg Quibeldey Visualisierung \/ Architekt J\u00f6rg Quibeldey<\/p>\n","protected":false},"author":1,"featured_media":0,"parent":29,"menu_order":5,"comment_status":"open","ping_status":"open","template":"","meta":{"jetpack_post_was_ever_published":false,"footnotes":""},"class_list":["post-79","page","type-page","status-publish","hentry"],"jetpack_sharing_enabled":true,"jetpack_shortlink":"https:\/\/wp.me\/P9Ii9F-1h","jetpack_likes_enabled":true,"jetpack-related-posts":[],"_links":{"self":[{"href":"https:\/\/luebbert-architekten.de\/index.php?rest_route=\/wp\/v2\/pages\/79","targetHints":{"allow":["GET"]}}],"collection":[{"href":"https:\/\/luebbert-architekten.de\/index.php?rest_route=\/wp\/v2\/pages"}],"about":[{"href":"https:\/\/luebbert-architekten.de\/index.php?rest_route=\/wp\/v2\/types\/page"}],"author":[{"embeddable":true,"href":"https:\/\/luebbert-architekten.de\/index.php?rest_route=\/wp\/v2\/users\/1"}],"replies":[{"embeddable":true,"href":"https:\/\/luebbert-architekten.de\/index.php?rest_route=%2Fwp%2Fv2%2Fcomments&post=79"}],"version-history":[{"count":1,"href":"https:\/\/luebbert-architekten.de\/index.php?rest_route=\/wp\/v2\/pages\/79\/revisions"}],"predecessor-version":[{"id":80,"href":"https:\/\/luebbert-architekten.de\/index.php?rest_route=\/wp\/v2\/pages\/79\/revisions\/80"}],"up":[{"embeddable":true,"href":"https:\/\/luebbert-architekten.de\/index.php?rest_route=\/wp\/v2\/pages\/29"}],"wp:attachment":[{"href":"https:\/\/luebbert-architekten.de\/index.php?rest_route=%2Fwp%2Fv2%2Fmedia&parent=79"}],"curies":[{"name":"wp","href":"https:\/\/api.w.org\/{rel}","templated":true}]}}