{"id":73,"date":"2014-09-29T16:23:46","date_gmt":"2014-09-29T14:23:46","guid":{"rendered":"http:\/\/luebbert-architekten.de\/?page_id=73"},"modified":"2014-09-30T14:55:12","modified_gmt":"2014-09-30T12:55:12","slug":"kulturforum-muenster","status":"publish","type":"page","link":"https:\/\/luebbert-architekten.de\/?page_id=73","title":{"rendered":"KULTURFORUM M\u00dcNSTER"},"content":{"rendered":"<div id=\"content_div\">\n<table cellspacing=\"0\" cellpadding=\"0\" border=\"0\" id=\"content_table\">\n<tbody>\n<tr>\n<td valign=\"top\" id=\"content_td_txt\">\n<h2>Kulturforum M\u00fcnster<\/h2>\n<p><small>Wettbewerb \/ Westfahlen 2003<\/small><\/p>\n<div id=\"main_txt_div\">Offener Wettbewerb f\u00fcr eine Konzerthalle  und ein Kunstmuseum in M\u00fcnster <\/p>\n<p> L\u00fcbbert Quibeldey Architekten  <br \/>mit Welm Seifert M\u00f6ller Architekten<\/div>\n<div id=\"credits\">\n<table cellspacing=\"0\" cellpadding=\"0\" border=\"0\">\n<tbody>\n<tr>\n<td valign=\"top\">Mitarbeit \/&nbsp;<\/td>\n<td>Dipl.-Ing. Klaus L\u00fcbbert <br \/> Architekt J\u00f6rg Quibeldey<br \/> Dipl.-Ing. Gerd R. Welm<br \/> Dipl.-Ing. Martin Brech<\/td>\n<\/tr>\n<\/tbody>\n<\/table>\n<p>Modell \/ Dipl.-Ing. Martin Brech <br \/>Visualisierung \/ Architekt J\u00f6rg Quibeldey<\/div>\n<\/td>\n<td rowspan=\"2\" id=\"content_td_img\"><img loading=\"lazy\" decoding=\"async\" src=\"images\/content_img\/muenster_07.jpg\" alt=\"Konzerthalle M\u00fcnster\" name=\"big\" width=\"667\" height=\"395\" id=\"big\" \/><\/td>\n<\/tr>\n<tr>\n<td align=\"right\" valign=\"bottom\" style=\"border-width: 0px; margin: 0px; padding: 0px; text-align: right; vertical-align: bottom;\"><img loading=\"lazy\" decoding=\"async\" src=\"images\/content_img\/muenster_01.jpg\" alt=\"muenster_01\" name=\"first\" width=\"30\" height=\"30\" id=\"first\" style=\"margin-top: 0px; margin-right: 10px; margin-bottom: 0px; margin-left: 10px;\" onmouseover=\"MM_swapImage('big','','images\/content_img\/muenster_01.jpg',0)\" \/><img loading=\"lazy\" decoding=\"async\" src=\"images\/content_img\/muenster_02.jpg\" alt=\"muenster_02\" name=\"second\" width=\"30\" height=\"30\" id=\"second\" style=\"margin-top: 0px; margin-right: 10px; margin-bottom: 0px; margin-left: 0px;\" onmouseover=\"MM_swapImage('big','','images\/content_img\/muenster_02.jpg',0)\" \/><img loading=\"lazy\" decoding=\"async\" src=\"images\/content_img\/muenster_03.jpg\" alt=\"muenster_03\" name=\"third\" width=\"30\" height=\"30\" id=\"third\" style=\"margin-top: 0px; margin-right: 10px; margin-bottom: 0px; margin-left: 0px;\" onmouseover=\"MM_swapImage('big','','images\/content_img\/muenster_03.jpg',0)\" \/><img loading=\"lazy\" decoding=\"async\" src=\"images\/content_img\/muenster_04.jpg\" alt=\"muenster_04\" name=\"fourth\" width=\"30\" height=\"30\" id=\"fourth\" style=\"margin-top: 0px; margin-right: 10px; margin-bottom: 0px; margin-left: 0px;\" onmouseover=\"MM_swapImage('big','','images\/content_img\/muenster_04.jpg',0)\" \/><br \/><img loading=\"lazy\" decoding=\"async\" src=\"images\/content_img\/muenster_05.jpg\" alt=\"muenster_05\" name=\"fourth\" width=\"30\" height=\"30\" id=\"fourth\" style=\"margin-top: 10px; margin-right: 10px; margin-bottom: 0px; margin-left: 0px;\" onmouseover=\"MM_swapImage('big','','images\/content_img\/muenster_05.jpg',0)\" \/><img loading=\"lazy\" decoding=\"async\" src=\"images\/content_img\/muenster_06.jpg\" alt=\"muenster_06\" name=\"fourth\" width=\"30\" height=\"30\" id=\"fourth\" style=\"margin-top: 10px; margin-right: 10px; margin-bottom: 0px; margin-left: 0px;\" onmouseover=\"MM_swapImage('big','','images\/content_img\/muenster_06.jpg',0)\" \/><img loading=\"lazy\" decoding=\"async\" src=\"images\/content_img\/muenster_07.jpg\" alt=\"muenster_07\" name=\"fourth\" width=\"30\" height=\"30\" id=\"fourth\" style=\"margin-top: 10px; margin-right: 10px; margin-bottom: 0px; margin-left: 0px;\" onmouseover=\"MM_swapImage('big','','images\/content_img\/muenster_07.jpg',0)\" \/><img loading=\"lazy\" decoding=\"async\" src=\"images\/content_img\/muenster_08.jpg\" alt=\"muenster_08\" name=\"first\" width=\"30\" height=\"30\" id=\"first\" style=\"margin-top: 10px; margin-right: 10px; margin-bottom: 0px; margin-left: 0px;\" onmouseover=\"MM_swapImage('big','','images\/content_img\/muenster_08.jpg',0)\" \/><img loading=\"lazy\" decoding=\"async\" src=\"images\/content_img\/muenster_09.jpg\" alt=\"muenster_09\" name=\"second\" width=\"30\" height=\"30\" id=\"second\" style=\"margin-top: 10px; margin-right: 10px; margin-bottom: 0px; margin-left: 0px;\" onmouseover=\"MM_swapImage('big','','images\/content_img\/muenster_09.jpg',0)\" \/><img loading=\"lazy\" decoding=\"async\" src=\"images\/content_img\/muenster_10.jpg\" alt=\"muenster_10\" name=\"third\" width=\"30\" height=\"30\" id=\"third\" style=\"margin-top: 10px; margin-right: 10px; margin-bottom: 0px; margin-left: 0px;\" onmouseover=\"MM_swapImage('big','','images\/content_img\/muenster_10.jpg',0)\" \/><img loading=\"lazy\" decoding=\"async\" src=\"images\/content_img\/muenster_11.jpg\" alt=\"muenster_11\" name=\"fourth\" width=\"30\" height=\"30\" id=\"fourth\" style=\"margin-top: 10px; margin-right: 10px; margin-bottom: 0px; margin-left: 0px;\" onmouseover=\"MM_swapImage('big','','images\/content_img\/muenster_11.jpg',0)\" \/><\/td>\n<\/tr>\n<\/tbody>\n<\/table>\n<\/div>\n","protected":false},"excerpt":{"rendered":"<p>Kulturforum M\u00fcnster Wettbewerb \/ Westfahlen 2003 Offener Wettbewerb f\u00fcr eine Konzerthalle und ein Kunstmuseum in M\u00fcnster L\u00fcbbert Quibeldey Architekten mit Welm Seifert M\u00f6ller Architekten Mitarbeit \/&nbsp; Dipl.-Ing. Klaus L\u00fcbbert Architekt J\u00f6rg Quibeldey Dipl.-Ing. Gerd R. Welm Dipl.-Ing. Martin Brech Modell \/ Dipl.-Ing. Martin Brech Visualisierung \/ Architekt J\u00f6rg Quibeldey<\/p>\n","protected":false},"author":1,"featured_media":0,"parent":29,"menu_order":3,"comment_status":"open","ping_status":"open","template":"","meta":{"jetpack_post_was_ever_published":false,"footnotes":""},"class_list":["post-73","page","type-page","status-publish","hentry"],"jetpack_sharing_enabled":true,"jetpack_shortlink":"https:\/\/wp.me\/P9Ii9F-1b","jetpack_likes_enabled":true,"jetpack-related-posts":[],"_links":{"self":[{"href":"https:\/\/luebbert-architekten.de\/index.php?rest_route=\/wp\/v2\/pages\/73","targetHints":{"allow":["GET"]}}],"collection":[{"href":"https:\/\/luebbert-architekten.de\/index.php?rest_route=\/wp\/v2\/pages"}],"about":[{"href":"https:\/\/luebbert-architekten.de\/index.php?rest_route=\/wp\/v2\/types\/page"}],"author":[{"embeddable":true,"href":"https:\/\/luebbert-architekten.de\/index.php?rest_route=\/wp\/v2\/users\/1"}],"replies":[{"embeddable":true,"href":"https:\/\/luebbert-architekten.de\/index.php?rest_route=%2Fwp%2Fv2%2Fcomments&post=73"}],"version-history":[{"count":4,"href":"https:\/\/luebbert-architekten.de\/index.php?rest_route=\/wp\/v2\/pages\/73\/revisions"}],"predecessor-version":[{"id":156,"href":"https:\/\/luebbert-architekten.de\/index.php?rest_route=\/wp\/v2\/pages\/73\/revisions\/156"}],"up":[{"embeddable":true,"href":"https:\/\/luebbert-architekten.de\/index.php?rest_route=\/wp\/v2\/pages\/29"}],"wp:attachment":[{"href":"https:\/\/luebbert-architekten.de\/index.php?rest_route=%2Fwp%2Fv2%2Fmedia&parent=73"}],"curies":[{"name":"wp","href":"https:\/\/api.w.org\/{rel}","templated":true}]}}