{"id":53,"date":"2014-09-29T16:06:23","date_gmt":"2014-09-29T14:06:23","guid":{"rendered":"http:\/\/luebbert-architekten.de\/?page_id=53"},"modified":"2014-09-29T16:07:06","modified_gmt":"2014-09-29T14:07:06","slug":"gruenderzentrum-wernigerode","status":"publish","type":"page","link":"https:\/\/luebbert-architekten.de\/?page_id=53","title":{"rendered":"GR\u00dcNDERZENTRUM IGZ"},"content":{"rendered":"<div id=\"content_div\">\n<table id=\"content_table\" border=\"0\" cellpadding=\"0\" cellspacing=\"0\">\n<tbody>\n<tr>\n<td id=\"content_td_txt\" valign=\"top\">\n<h2>GR\u00dcNDERZENTRUM IGZ<\/h2>\n<p><small>Neubau \/ Wernigerode 1996<\/small><\/p>\n<div id=\"main_txt_div\">Innovations- und Gr\u00fcnderzentrum mit                        frei teilbaren B\u00fcro- und Laborfl\u00e4chen aus ca. 3.500 qm Gesamtfl\u00e4che mit zentraler Ausstellungs- und Vortragshalle, sowie Verwaltungstrakt.&nbsp;<\/p>\n<p> Architekten B\u00f6ttcher L\u00fcbbert und Partner Braunschweig<\/p><\/div>\n<div id=\"credits\">\n<table border=\"0\" cellpadding=\"0\" cellspacing=\"0\">\n<tbody>\n<tr>\n<td valign=\"top\">Mitarbeit \/&nbsp;<\/td>\n<td>Dipl.-Ing. Klaus L\u00fcbbert <br \/> Architekt J\u00f6rg Quibeldey<br \/>Dipl.-Ing. Annett Kinzel-Troell<br \/>Dipl.-Ing. Rainer B\u00f6ttcher<\/td>\n<\/tr>\n<\/tbody>\n<\/table>\n<\/div>\n<\/td>\n<td id=\"content_td_img\" rowspan=\"2\"><img loading=\"lazy\" decoding=\"async\" id=\"big\" height=\"395\" width=\"667\" name=\"big\" alt=\"Gr\u00fcnderzentrum IGZ\" src=\"images\/content_img\/wernigerode_01.jpg\" \/><\/td>\n<\/tr>\n<tr>\n<td style=\"border-width: 0px; margin: 0px; padding: 0px; text-align: right; vertical-align: bottom;\" valign=\"bottom\" align=\"right\"><img loading=\"lazy\" decoding=\"async\" onmouseover=\"MM_swapImage('big','','images\/content_img\/wernigerode_01.jpg',0)\" style=\"margin-top: 0px; margin-right: 10px; margin-bottom: 0px; margin-left: 0px;\" id=\"third\" height=\"30\" width=\"30\" name=\"third\" alt=\"suederstr_02\" src=\"images\/content_img\/wernigerode_01.jpg\" \/><img loading=\"lazy\" decoding=\"async\" onmouseover=\"MM_swapImage('big','','images\/content_img\/wernigerode_03.jpg',0)\" style=\"margin-top: 0px; margin-right: 10px; margin-bottom: 0px; margin-left: 0px;\" id=\"third\" height=\"30\" width=\"30\" name=\"third\" alt=\"suederstr_03\" src=\"images\/content_img\/wernigerode_03_thumb.jpg\" \/><img loading=\"lazy\" decoding=\"async\" onmouseover=\"MM_swapImage('big','','images\/content_img\/wernigerode_04.jpg',0)\" style=\"margin-top: 0px; margin-right: 10px; margin-bottom: 0px; margin-left: 0px;\" id=\"second\" height=\"30\" width=\"30\" name=\"second\" alt=\"wernigerode_04\" src=\"images\/content_img\/wernigerode_04_thumb.jpg\" \/><br \/> <img loading=\"lazy\" decoding=\"async\" onmouseover=\"MM_swapImage('big','','images\/content_img\/wernigerode_05.jpg',0)\" style=\"margin-top: 10px; margin-right: 10px; margin-bottom: 0px; margin-left: 0px;\" id=\"second\" height=\"30\" width=\"30\" name=\"second\" alt=\"wernigerode_05\" src=\"images\/content_img\/wernigerode_05.jpg\" \/><img loading=\"lazy\" decoding=\"async\" onmouseover=\"MM_swapImage('big','','images\/content_img\/wernigerode_06.jpg',0)\" style=\"margin-top: 10px; margin-right: 10px; margin-bottom: 0px; margin-left: 0px;\" id=\"second\" height=\"30\" width=\"30\" name=\"second\" alt=\"wernigerode_06\" src=\"images\/content_img\/wernigerode_06.jpg\" \/><img loading=\"lazy\" decoding=\"async\" onmouseover=\"MM_swapImage('big','','images\/content_img\/wernigerode_07.jpg',0)\" style=\"margin-top: 10px; margin-right: 10px; margin-bottom: 0px; margin-left: 0px;\" id=\"second\" height=\"30\" width=\"30\" name=\"second\" alt=\"wernigerode_07\" src=\"images\/content_img\/wernigerode_07_thumb.jpg\" \/><img loading=\"lazy\" decoding=\"async\" onmouseover=\"MM_swapImage('big','','images\/content_img\/wernigerode_08.jpg',0)\" style=\"margin-top: 10px; margin-right: 10px; margin-bottom: 0px; margin-left: 0px;\" id=\"second\" height=\"30\" width=\"30\" name=\"second\" alt=\"wernigerode_08\" src=\"images\/content_img\/wernigerode_08_thumb.jpg\" \/><img loading=\"lazy\" decoding=\"async\" onmouseover=\"MM_swapImage('big','','images\/content_img\/wernigerode_09.jpg',0)\" style=\"margin-top: 10px; margin-right: 10px; margin-bottom: 0px; margin-left: 0px;\" id=\"second\" height=\"30\" width=\"30\" name=\"second\" alt=\"wernigerode_09\" src=\"images\/content_img\/wernigerode_09_thumb.jpg\" \/><img loading=\"lazy\" decoding=\"async\" onmouseover=\"MM_swapImage('big','','images\/content_img\/wernigerode_10.jpg',0)\" style=\"margin-top: 10px; margin-right: 10px; margin-bottom: 0px; margin-left: 0px;\" id=\"second\" height=\"30\" width=\"30\" name=\"second\" alt=\"wernigerode_10\" src=\"images\/content_img\/wernigerode_10_thumb.jpg\" \/><img loading=\"lazy\" decoding=\"async\" onmouseover=\"MM_swapImage('big','','images\/content_img\/wernigerode_11.jpg',0)\" style=\"margin-top: 10px; margin-right: 10px; margin-bottom: 0px; margin-left: 0px;\" id=\"second\" height=\"30\" width=\"30\" name=\"second\" alt=\"wernigerode_11\" src=\"images\/content_img\/wernigerode_11_thumb.jpg\" \/><\/td>\n<\/tr>\n<\/tbody>\n<\/table>\n<\/div>\n","protected":false},"excerpt":{"rendered":"<p>GR\u00dcNDERZENTRUM IGZ Neubau \/ Wernigerode 1996 Innovations- und Gr\u00fcnderzentrum mit frei teilbaren B\u00fcro- und Laborfl\u00e4chen aus ca. 3.500 qm Gesamtfl\u00e4che mit zentraler Ausstellungs- und Vortragshalle, sowie Verwaltungstrakt.&nbsp; Architekten B\u00f6ttcher L\u00fcbbert und Partner Braunschweig Mitarbeit \/&nbsp; Dipl.-Ing. Klaus L\u00fcbbert Architekt J\u00f6rg QuibeldeyDipl.-Ing. Annett Kinzel-TroellDipl.-Ing. Rainer B\u00f6ttcher<\/p>\n","protected":false},"author":1,"featured_media":0,"parent":20,"menu_order":4,"comment_status":"open","ping_status":"open","template":"","meta":{"jetpack_post_was_ever_published":false,"footnotes":""},"class_list":["post-53","page","type-page","status-publish","hentry"],"jetpack_sharing_enabled":true,"jetpack_shortlink":"https:\/\/wp.me\/P9Ii9F-R","jetpack_likes_enabled":true,"jetpack-related-posts":[],"_links":{"self":[{"href":"https:\/\/luebbert-architekten.de\/index.php?rest_route=\/wp\/v2\/pages\/53","targetHints":{"allow":["GET"]}}],"collection":[{"href":"https:\/\/luebbert-architekten.de\/index.php?rest_route=\/wp\/v2\/pages"}],"about":[{"href":"https:\/\/luebbert-architekten.de\/index.php?rest_route=\/wp\/v2\/types\/page"}],"author":[{"embeddable":true,"href":"https:\/\/luebbert-architekten.de\/index.php?rest_route=\/wp\/v2\/users\/1"}],"replies":[{"embeddable":true,"href":"https:\/\/luebbert-architekten.de\/index.php?rest_route=%2Fwp%2Fv2%2Fcomments&post=53"}],"version-history":[{"count":3,"href":"https:\/\/luebbert-architekten.de\/index.php?rest_route=\/wp\/v2\/pages\/53\/revisions"}],"predecessor-version":[{"id":56,"href":"https:\/\/luebbert-architekten.de\/index.php?rest_route=\/wp\/v2\/pages\/53\/revisions\/56"}],"up":[{"embeddable":true,"href":"https:\/\/luebbert-architekten.de\/index.php?rest_route=\/wp\/v2\/pages\/20"}],"wp:attachment":[{"href":"https:\/\/luebbert-architekten.de\/index.php?rest_route=%2Fwp%2Fv2%2Fmedia&parent=53"}],"curies":[{"name":"wp","href":"https:\/\/api.w.org\/{rel}","templated":true}]}}