{"id":51,"date":"2014-09-29T16:05:05","date_gmt":"2014-09-29T14:05:05","guid":{"rendered":"http:\/\/luebbert-architekten.de\/?page_id=51"},"modified":"2014-09-29T16:05:05","modified_gmt":"2014-09-29T14:05:05","slug":"buerohaus-gruener-deich","status":"publish","type":"page","link":"https:\/\/luebbert-architekten.de\/?page_id=51","title":{"rendered":"B\u00dcROHAUS GR\u00dcNER DEICH"},"content":{"rendered":"<div id=\"content_div\">\n<table cellspacing=\"0\" cellpadding=\"0\" border=\"0\" id=\"content_table\">\n<tbody>\n<tr>\n<td valign=\"top\" id=\"content_td_txt\">\n<h2>B\u00dcROHAUS GR\u00dcNER DEICH<\/h2>\n<p><small>Projektstudie \/ Hamburg 1999<\/small><\/p>\n<div id=\"main_txt_div\">Projektstudien zu einem B\u00fcrogeb\u00e4ude mir bis zu 10.000 qm Nutzfl\u00e4che in Hamburg City-S\u00fcd.<\/p>\n<p> L\u00fcbbert Quibeldey Architekten<\/p><\/div>\n<div id=\"credits\">\n<table cellspacing=\"0\" cellpadding=\"0\" border=\"0\">\n<tbody>\n<tr>\n<td valign=\"top\">Mitarbeit \/&nbsp;<\/td>\n<td>Dipl.-Ing. Klaus L\u00fcbbert <br \/> Architekt J\u00f6rg Quibeldey<\/td>\n<\/tr>\n<\/tbody>\n<\/table>\n<p>Visualisierung \/ Architekt J\u00f6rg Quibeldey<\/div>\n<\/td>\n<td rowspan=\"2\" id=\"content_td_img\"><img loading=\"lazy\" decoding=\"async\" src=\"images\/content_img\/gruener_deich_03.jpg\" alt=\"gruener_deich_01\" name=\"big\" width=\"667\" height=\"395\" id=\"big\" \/><\/td>\n<\/tr>\n<tr>\n<td align=\"right\" valign=\"bottom\" style=\"border-width: 0px; margin: 0px; padding: 0px; text-align: right; vertical-align: bottom;\"><img loading=\"lazy\" decoding=\"async\" src=\"images\/content_img\/gruener_deich_06.jpg\" alt=\"gruener_deich_06\" name=\"fourth\" width=\"30\" height=\"30\" id=\"fourth\" style=\"margin-top: 10px; margin-right: 10px; margin-bottom: 0px; margin-left: 0px;\" onmouseover=\"MM_swapImage('big','','images\/content_img\/gruener_deich_06.jpg',0)\" \/><img loading=\"lazy\" decoding=\"async\" src=\"images\/content_img\/gruener_deich_01.jpg\" alt=\"deelboege_01.jpg\" name=\"third\" width=\"30\" height=\"30\" id=\"third\" style=\"margin-top: 10px; margin-right: 10px; margin-bottom: 0px; margin-left: 0px;\" onmouseover=\"MM_swapImage('big','','images\/content_img\/gruener_deich_01.jpg',0)\" \/><img loading=\"lazy\" decoding=\"async\" src=\"images\/content_img\/gruener_deich_02.jpg\" alt=\"gruener_deich_02.jpg\" name=\"third\" width=\"30\" height=\"30\" id=\"third\" style=\"margin-top: 10px; margin-right: 10px; margin-bottom: 0px; margin-left: 0px;\" onmouseover=\"MM_swapImage('big','','images\/content_img\/gruener_deich_02.jpg',0)\" \/><img loading=\"lazy\" decoding=\"async\" src=\"images\/content_img\/gruener_deich_03.jpg\" alt=\"gruener_deich_03.jpg\" name=\"third\" width=\"30\" height=\"30\" id=\"third\" style=\"margin-top: 10px; margin-right: 10px; margin-bottom: 0px; margin-left: 0px;\" onmouseover=\"MM_swapImage('big','','images\/content_img\/gruener_deich_03.jpg',0)\" \/><img loading=\"lazy\" decoding=\"async\" src=\"images\/content_img\/gruener_deich_04.jpg\" alt=\"gruener_deich_04\" name=\"fourth\" width=\"30\" height=\"30\" id=\"fourth\" style=\"margin-top: 10px; margin-right: 10px; margin-bottom: 0px; margin-left: 0px;\" onmouseover=\"MM_swapImage('big','','images\/content_img\/gruener_deich_04.jpg',0)\" \/><img loading=\"lazy\" decoding=\"async\" src=\"images\/content_img\/gruener_deich_05.jpg\" alt=\"gruener_deich_05\" name=\"fourth\" width=\"30\" height=\"30\" id=\"fourth\" style=\"margin-top: 10px; margin-right: 10px; margin-bottom: 0px; margin-left: 0px;\" onmouseover=\"MM_swapImage('big','','images\/content_img\/gruener_deich_05.jpg',0)\" \/><\/td>\n<\/tr>\n<\/tbody>\n<\/table>\n<\/div>\n","protected":false},"excerpt":{"rendered":"<p>B\u00dcROHAUS GR\u00dcNER DEICH Projektstudie \/ Hamburg 1999 Projektstudien zu einem B\u00fcrogeb\u00e4ude mir bis zu 10.000 qm Nutzfl\u00e4che in Hamburg City-S\u00fcd. L\u00fcbbert Quibeldey Architekten Mitarbeit \/&nbsp; Dipl.-Ing. Klaus L\u00fcbbert Architekt J\u00f6rg Quibeldey Visualisierung \/ Architekt J\u00f6rg Quibeldey<\/p>\n","protected":false},"author":1,"featured_media":0,"parent":20,"menu_order":3,"comment_status":"open","ping_status":"open","template":"","meta":{"jetpack_post_was_ever_published":false,"footnotes":""},"class_list":["post-51","page","type-page","status-publish","hentry"],"jetpack_sharing_enabled":true,"jetpack_shortlink":"https:\/\/wp.me\/P9Ii9F-P","jetpack_likes_enabled":true,"jetpack-related-posts":[],"_links":{"self":[{"href":"https:\/\/luebbert-architekten.de\/index.php?rest_route=\/wp\/v2\/pages\/51","targetHints":{"allow":["GET"]}}],"collection":[{"href":"https:\/\/luebbert-architekten.de\/index.php?rest_route=\/wp\/v2\/pages"}],"about":[{"href":"https:\/\/luebbert-architekten.de\/index.php?rest_route=\/wp\/v2\/types\/page"}],"author":[{"embeddable":true,"href":"https:\/\/luebbert-architekten.de\/index.php?rest_route=\/wp\/v2\/users\/1"}],"replies":[{"embeddable":true,"href":"https:\/\/luebbert-architekten.de\/index.php?rest_route=%2Fwp%2Fv2%2Fcomments&post=51"}],"version-history":[{"count":1,"href":"https:\/\/luebbert-architekten.de\/index.php?rest_route=\/wp\/v2\/pages\/51\/revisions"}],"predecessor-version":[{"id":52,"href":"https:\/\/luebbert-architekten.de\/index.php?rest_route=\/wp\/v2\/pages\/51\/revisions\/52"}],"up":[{"embeddable":true,"href":"https:\/\/luebbert-architekten.de\/index.php?rest_route=\/wp\/v2\/pages\/20"}],"wp:attachment":[{"href":"https:\/\/luebbert-architekten.de\/index.php?rest_route=%2Fwp%2Fv2%2Fmedia&parent=51"}],"curies":[{"name":"wp","href":"https:\/\/api.w.org\/{rel}","templated":true}]}}